{"id":2545,"date":"2023-01-05T15:18:32","date_gmt":"2023-01-05T14:18:32","guid":{"rendered":"https:\/\/www.camping-leboisverdon.com\/erfahrung-insel-yeu\/"},"modified":"2023-02-22T16:26:09","modified_gmt":"2023-02-22T15:26:09","slug":"erfahrung-insel-yeu","status":"publish","type":"page","link":"https:\/\/www.camping-leboisverdon.com\/de\/unsere-erfahrungen\/erfahrung-insel-yeu\/","title":{"rendered":"Erfahrung Insel Yeu"},"content":{"rendered":"\n<h1 class=\"wp-block-heading\">Erfahrung Insel Yeu<\/h1>\n\n<p class=\"has-text-align-center\">Dauer: 1 Tag<\/p>\n\n<h2 class=\"has-text-align-center wp-block-heading\"><strong>FLUCHEN<\/strong><\/h2>\n\n<div class=\"wp-block-columns is-layout-flex wp-container-core-columns-is-layout-28f84493 wp-block-columns-is-layout-flex\">\n<div class=\"wp-block-column is-layout-flow wp-block-column-is-layout-flow\"><\/div>\n\n\n\n<div class=\"wp-block-column is-layout-flow wp-block-column-is-layout-flow\">\n<hr class=\"wp-block-separator aligncenter has-text-color has-cyan-color has-alpha-channel-opacity has-cyan-background-color has-background\"\/>\n<\/div>\n\n\n\n<div class=\"wp-block-column is-layout-flow wp-block-column-is-layout-flow\"><\/div>\n<\/div>\n\n<p class=\"has-text-align-center\">Sie sehnen sich nach Exotik und fernen Horizonten?<br\/>Sie tr\u00e4umen davon, einen wei\u00dfen Sandstrand zu betreten und in kristallklarem Wasser zu baden?<br\/>Sie brauchen Phantasie und Wunder&#8230;<\/p>\n\n<p class=\"has-text-align-center\">Sie m\u00fcssen nicht zum Flughafen von Nantes fahren und den Ozean \u00fcberqueren, um diese Traumvision zu erleben.<br\/>Fliegen Sie stattdessen zur \u00cele d&#8217;Yeu, diesem ungeschliffenen Diamanten, der von den Winden der Atlantikk\u00fcste geschliffen wurde.<br\/>Abwechslung garantiert!<br\/>Und glauben Sie uns, die besagte Reise gleicht einer Odyssee zum SCH\u00d6NEN.<\/p>\n\n<p class=\"has-text-align-center\">Fehlt es uns an Objektivit\u00e4t?<\/p>\n\n<p class=\"has-text-align-center\">Auch wenn es stimmt, dass wir unser Land lieben und manchmal dazu neigen, es zu \u00fcberh\u00f6hen, sind wir bereit, darauf zu wetten, dass dieses Inselerlebnis in Ihren Herzen versiegelt bleibt.<\/p>\n\n<div class=\"wp-block-columns is-layout-flex wp-container-core-columns-is-layout-28f84493 wp-block-columns-is-layout-flex\">\n<div class=\"wp-block-column is-layout-flow wp-block-column-is-layout-flow\">\n<div class=\"wp-block-sev-featured-text\" style=\"width:100%\"><div class=\"wp-block-sev-featured-text-content\">Praktische Seite&nbsp;:<\/div><\/div>\n\n\n\n<p>Um zur Anlegestelle zu gelangen, fahren Sie in Richtung Fromentine, das etwa 20 Minuten vom Campingplatz entfernt liegt.<br\/>Wir empfehlen Ihnen, Ihre Tickets \u00fcber die Website <a rel=\"noreferrer noopener\" href=\"http:\/\/www.yeu-continent.fr\" target=\"_blank\">www.yeu-continent.fr<\/a> zu buchen.<br\/>Wir haben die Angebote verglichen und die Angebote dieser Firma bleiben am interessantesten.<\/p>\n<\/div>\n\n\n\n<div class=\"wp-block-column is-layout-flow wp-block-column-is-layout-flow\" style=\"flex-basis:30px\"><\/div>\n\n\n\n<div class=\"wp-block-column is-layout-flow wp-block-column-is-layout-flow\">\n<div class=\"wp-block-sev-featured-text\" style=\"width:100%\"><div class=\"wp-block-sev-featured-text-content\">Das Plus von Yeu Continent&nbsp;:  <\/div><\/div>\n\n\n\n<p>Das Unternehmen bietet freies und kostenloses Parken an. Wir laden Sie ein, sich auf deren Website \u00fcber diese Modalit\u00e4ten zu informieren.<\/p>\n<\/div>\n<\/div>\n\n<div class=\"wp-block-group is-layout-constrained wp-block-group-is-layout-constrained\">\n<div class=\"wp-block-group has-border-color has-cyan-border-color is-layout-constrained wp-container-core-group-is-layout-301020a0 wp-block-group-is-layout-constrained\" style=\"border-width:3px;padding-top:var(--wp--preset--spacing--50);padding-right:var(--wp--preset--spacing--50);padding-bottom:var(--wp--preset--spacing--50);padding-left:var(--wp--preset--spacing--50)\">\n<p class=\"has-text-align-center has-playfair-display-font-family has-moyen-font-size\"><img loading=\"lazy\" decoding=\"async\" width=\"20\" height=\"20\" class=\"wp-image-207\" style=\"width: 20px;\" src=\"https:\/\/www.camping-leboisverdon.com\/wp-content\/uploads\/2023\/01\/plus.png\" alt=\"\" srcset=\"https:\/\/www.camping-leboisverdon.com\/wp-content\/uploads\/2023\/01\/plus.png 512w, https:\/\/www.camping-leboisverdon.com\/wp-content\/uploads\/2023\/01\/plus-300x300.png 300w, https:\/\/www.camping-leboisverdon.com\/wp-content\/uploads\/2023\/01\/plus-150x150.png 150w\" sizes=\"auto, (max-width: 20px) 100vw, 20px\" \/>  Wichtig<\/p>\n\n\n\n<p class=\"has-text-align-center\">um dieses Erlebnis in vollen Z\u00fcgen zu genie\u00dfen, entscheiden Sie sich f\u00fcr die ersten Abfahrten (z. B. gegen 7.00 oder 8.00 Uhr)<\/p>\n<\/div>\n<\/div>\n\n<div style=\"height:30px\" aria-hidden=\"true\" class=\"wp-block-spacer\"><\/div>\n\n<h2 class=\"wp-block-heading\"><strong>Die Ankunft in Port Joinville und der Beginn des Abenteuers&#8230;<\/strong><\/h2>\n\n<p>Um diese Perle des Atlantiks, diesen pr\u00e4chtigen, entfremdenden und wundersch\u00f6nen Kieselstein zu erkunden, leihen Sie sich am besten <em>Fahrr\u00e4der<\/em> aus.<br\/>Sie werden keine Schwierigkeiten haben, welche zu finden, da es zahlreiche Verleiher gibt. Um jedoch b\u00f6se \u00dcberraschungen zu vermeiden, empfehlen wir Ihnen, Ihre Reittiere im Voraus zu buchen.<br\/>Ein kleiner Kaffee am Hafen vor der Abreise und los geht&#8217;s!<\/p>\n\n<div class=\"wp-block-media-text alignwide has-media-on-the-right is-stacked-on-mobile\"><div class=\"wp-block-media-text__content\">\n<h2 class=\"wp-block-heading\"><strong>Fahrradtour um die Insel :<\/strong><\/h2>\n\n\n\n<p>Die Umrundung der Insel ist 28 Kilometer lang und weist keine gr\u00f6\u00dferen Schwierigkeiten auf.<br\/>Nehmen Sie sich die Zeit, sich die Zeit zu nehmen, das ist der einzige Rat, den wir Ihnen geben k\u00f6nnen.<br\/>Entdecken Sie die <strong>Wunder der \u00cele d&#8217;Yeu<\/strong> in Ihrem eigenen Tempo.<\/p>\n\n\n\n<p>Allerdings streben nicht alle von uns den Status des &#8222;Pedalk\u00f6nigs&#8220; an, und manche werden die Tour etwas lang finden.<br\/>Keine Sorge, es gibt zum Gl\u00fcck noch andere Alternativen &#8230;<br\/>K\u00fcrzere Fahrradtouren, Spazierg\u00e4nge, gef\u00fchrte Ausfl\u00fcge, die M\u00f6glichkeit, motorisierte Ger\u00e4te zu mieten, \u00f6ffentliche Busse zu benutzen, ein Taxi zu buchen &#8211; alles ist m\u00f6glich!<\/p>\n\n\n\n<p><\/p>\n<\/div><figure class=\"wp-block-media-text__media\"><img loading=\"lazy\" decoding=\"async\" width=\"792\" height=\"527\" src=\"https:\/\/www.camping-leboisverdon.com\/wp-content\/uploads\/2023\/01\/VeloalIledYeu11_792x527.jpg\" alt=\"tour de l'\u00eele d'Yeu \u00e0 v\u00e9lo\" class=\"wp-image-229 size-full\" srcset=\"https:\/\/www.camping-leboisverdon.com\/wp-content\/uploads\/2023\/01\/VeloalIledYeu11_792x527.jpg 792w, https:\/\/www.camping-leboisverdon.com\/wp-content\/uploads\/2023\/01\/VeloalIledYeu11_792x527-300x200.jpg 300w, https:\/\/www.camping-leboisverdon.com\/wp-content\/uploads\/2023\/01\/VeloalIledYeu11_792x527-768x511.jpg 768w\" sizes=\"auto, (max-width: 792px) 100vw, 792px\" \/><\/figure><\/div>\n\n<div class=\"wp-block-media-text alignwide is-stacked-on-mobile\"><figure class=\"wp-block-media-text__media\"><img loading=\"lazy\" decoding=\"async\" width=\"1024\" height=\"683\" src=\"https:\/\/www.camping-leboisverdon.com\/wp-content\/uploads\/2023\/01\/ile-d-yeu-vue-aerienne-port-joinville-1024x683.jpg\" alt=\"d\u00e9couverte de l'\u00eele d'YEU\" class=\"wp-image-233 size-full\" srcset=\"https:\/\/www.camping-leboisverdon.com\/wp-content\/uploads\/2023\/01\/ile-d-yeu-vue-aerienne-port-joinville-1024x683.jpg 1024w, https:\/\/www.camping-leboisverdon.com\/wp-content\/uploads\/2023\/01\/ile-d-yeu-vue-aerienne-port-joinville-300x200.jpg 300w, https:\/\/www.camping-leboisverdon.com\/wp-content\/uploads\/2023\/01\/ile-d-yeu-vue-aerienne-port-joinville-768x512.jpg 768w, https:\/\/www.camping-leboisverdon.com\/wp-content\/uploads\/2023\/01\/ile-d-yeu-vue-aerienne-port-joinville.jpg 1200w\" sizes=\"auto, (max-width: 1024px) 100vw, 1024px\" \/><\/figure><div class=\"wp-block-media-text__content\">\n<p class=\"has-opensans-font-family has-normal-font-size\"><strong>SEHENS- UND VOR ALLEM ERLEBENSWERT&#8230;<\/strong><\/p>\n\n\n\n<p>Wie schwierig es doch ist, das Gesicht der Ile d&#8217;Yeu in wenigen Worten zu schildern!<br\/>Wir k\u00f6nnten den Strich an einigen symboltr\u00e4chtigen Orten der Insel betonen und tun dies \u00fcbrigens sehr gerne.<br\/>Da Sch\u00f6nheit jedoch ein subjektiver Begriff ist, geh\u00f6rt diese Erfahrung Ihnen und wir fordern Sie auf, sich von Ihren Gef\u00fchlen und W\u00fcnschen leiten zu lassen und sie frei zu genie\u00dfen.<\/p>\n\n\n\n<p>Freiheit eben &#8230; Das ist vielleicht das erste Gef\u00fchl, das uns bewegt, wenn wir diese Insel zum ersten Mal entdecken.<br\/>Als Land der Kontraste par excellence, zwischen<strong> wilder K\u00fcste<\/strong> und <strong>feinen Sandstr\u00e4nden<\/strong>, hat es im Laufe der Zeit seine ganze Authentizit\u00e4t bewahren k\u00f6nnen.<br\/>Hier wird das Vogelgezwitscher noch nicht vom Motorenl\u00e4rm \u00fcbert\u00f6nt, und das ist der Reiz dieses Reiseziels. Die Natur ist K\u00d6NIGIN und wir sind lediglich ihre Diener.<\/p>\n<\/div><\/div>\n\n<div style=\"height:30px\" aria-hidden=\"true\" class=\"wp-block-spacer\"><\/div>\n\n<div class=\"wp-block-group alignwide has-border-color has-cyan-border-color is-layout-constrained wp-container-core-group-is-layout-307d876c wp-block-group-is-layout-constrained\" style=\"border-width:3px;padding-top:var(--wp--preset--spacing--50);padding-right:var(--wp--preset--spacing--50);padding-bottom:var(--wp--preset--spacing--50);padding-left:var(--wp--preset--spacing--50)\">\n<p class=\"has-text-align-center has-playfair-display-font-family has-moyen-font-size\"><img loading=\"lazy\" decoding=\"async\" width=\"30\" height=\"30\" class=\"wp-image-223\" style=\"width: 30px;\" src=\"https:\/\/www.camping-leboisverdon.com\/wp-content\/uploads\/2023\/01\/heart.png\" alt=\"\" srcset=\"https:\/\/www.camping-leboisverdon.com\/wp-content\/uploads\/2023\/01\/heart.png 512w, https:\/\/www.camping-leboisverdon.com\/wp-content\/uploads\/2023\/01\/heart-300x300.png 300w, https:\/\/www.camping-leboisverdon.com\/wp-content\/uploads\/2023\/01\/heart-150x150.png 150w\" sizes=\"auto, (max-width: 30px) 100vw, 30px\" \/>  Unsere Favoriten und guten Adressen :<\/p>\n\n\n\n<div style=\"height:30px\" aria-hidden=\"true\" class=\"wp-block-spacer\"><\/div>\n\n\n\n<p class=\"has-text-align-center\">In Bezug auf die Str\u00e4nde haben Sie die Qual der <strong>Wahl<\/strong>.<br\/>Gro\u00dfe Sandstr\u00e4nde oder intime Buchten &#8211; Sie haben die Wahl.<\/p>\n\n\n\n<p class=\"has-text-align-center\">Was uns betrifft, haben wir einige Vorlieben und einen echten Favoriten&#8230;<\/p>\n\n\n\n<p class=\"has-text-align-center\">Es handelt sich um den Strand <strong>Anse des Soux<\/strong>.<br\/>Sie finden diese Landmarke, diesen Ort der K\u00f6stlichkeiten, an dem das Wasser am sch\u00f6nsten ist, im S\u00fcden der Insel.<br\/>Am Fu\u00dfe einer Klippe gelegen, erreichen Sie sie \u00fcber einen kleinen, steilen Pfad.<br\/>Diese Postkartenkulisse mit ihrem wei\u00dfen Sand und dem kristallklaren Wasser unterstreicht nur das unglaubliche Talent von Mutter Natur, unserer geliebten Zauberin.<\/p>\n\n\n\n<p class=\"has-text-align-center\">Viele weitere nette Str\u00e4nde&#8230; Plage des Sabias, Plage de la Belle maison, Plage des Sapins&#8230;<\/p>\n<\/div>\n\n<div style=\"height:30px\" aria-hidden=\"true\" class=\"wp-block-spacer\"><\/div>\n\n<div class=\"wp-block-media-text alignwide has-media-on-the-right is-stacked-on-mobile\"><div class=\"wp-block-media-text__content\">\n<h2 class=\"wp-block-heading\"><strong>Die unumg\u00e4nglichen Sehensw\u00fcrdigkeiten der Insel&#8230;<\/strong><\/h2>\n\n\n\n<p>Es ist unm\u00f6glich, auf die \u00cele d&#8217;Yeu zu reisen, ohne einen Halt am Port de la Meule zu machen.<br\/>Es handelt sich um eine kleine Enklave an der S\u00fcdwestk\u00fcste der \u00cele d&#8217;Yeu, wo die Zeit &#8222;ihren Flug angehalten zu haben scheint&#8220;.<br\/>Ein kleiner, intimer Hafen mit viel Charme, von dem manche sagen w\u00fcrden, dass sie dort am liebsten f\u00fcr immer vor Anker gehen w\u00fcrden.<br\/>Nicht verpassen.<\/p>\n\n\n\n<p>F\u00fcr Geschichtsinteressierte lohnt sich ein Besuch des alten Schlosses. Es ist DER MEDIENSTANDORT der Insel. Sie k\u00f6nnen eine F\u00fchrung genie\u00dfen, um alles \u00fcber diese Festung zu erfahren.<br\/>Finden Sie alle Infos, indem Sie auf den <a href=\"https:\/\/www.ile-yeu.fr\/decouvrir\/plonger-dans-l-histoire-de-l-ile-d-yeu\/les-sites-et-monuments-de-l-ile-d-yeu\/le-site-medieval-de-l-ile-d-yeu\" target=\"_blank\" rel=\"noreferrer noopener\">Link<\/a> klicken.<\/p>\n\n\n\n<p><\/p>\n<\/div><figure class=\"wp-block-media-text__media\"><img loading=\"lazy\" decoding=\"async\" width=\"1024\" height=\"683\" src=\"https:\/\/www.camping-leboisverdon.com\/wp-content\/uploads\/2023\/01\/ile-d-yeu-vieux-chateau-1024x683.jpg\" alt=\"ch\u00e2teau de l'\u00eele d'Yeu\" class=\"wp-image-245 size-full\" srcset=\"https:\/\/www.camping-leboisverdon.com\/wp-content\/uploads\/2023\/01\/ile-d-yeu-vieux-chateau-1024x683.jpg 1024w, https:\/\/www.camping-leboisverdon.com\/wp-content\/uploads\/2023\/01\/ile-d-yeu-vieux-chateau-300x200.jpg 300w, https:\/\/www.camping-leboisverdon.com\/wp-content\/uploads\/2023\/01\/ile-d-yeu-vieux-chateau-768x512.jpg 768w, https:\/\/www.camping-leboisverdon.com\/wp-content\/uploads\/2023\/01\/ile-d-yeu-vieux-chateau.jpg 1200w\" sizes=\"auto, (max-width: 1024px) 100vw, 1024px\" \/><\/figure><\/div>\n\n<div class=\"wp-block-media-text alignwide is-stacked-on-mobile is-image-fill\"><figure class=\"wp-block-media-text__media\" style=\"background-image:url(https:\/\/www.camping-leboisverdon.com\/wp-content\/uploads\/2023\/01\/Le-Cafe-des-Arts_Beaulieu-sous-la-Roche_Pays-des-Achards-32_396x594.jpg);background-position:46% 46%\"><img loading=\"lazy\" decoding=\"async\" width=\"396\" height=\"594\" src=\"https:\/\/www.camping-leboisverdon.com\/wp-content\/uploads\/2023\/01\/Le-Cafe-des-Arts_Beaulieu-sous-la-Roche_Pays-des-Achards-32_396x594.jpg\" alt=\"\" class=\"wp-image-249 size-full\" srcset=\"https:\/\/www.camping-leboisverdon.com\/wp-content\/uploads\/2023\/01\/Le-Cafe-des-Arts_Beaulieu-sous-la-Roche_Pays-des-Achards-32_396x594.jpg 396w, https:\/\/www.camping-leboisverdon.com\/wp-content\/uploads\/2023\/01\/Le-Cafe-des-Arts_Beaulieu-sous-la-Roche_Pays-des-Achards-32_396x594-200x300.jpg 200w\" sizes=\"auto, (max-width: 396px) 100vw, 396px\" \/><\/figure><div class=\"wp-block-media-text__content\">\n<p class=\"has-opensans-font-family has-normal-font-size\"><strong>ODER ESSEN<\/strong><\/p>\n\n\n\n<p>Cr\u00eaperie-Imbiss &#8222;Chez Martin&#8220; :<br\/>Dieses Restaurant ist eine Institution auf der Insel. Wenn Sie Hunger auf Authentizit\u00e4t und Einfachheit haben, d\u00fcrfte diese Adresse Sie begeistern. Auf dem Speiseplan stehen k\u00f6stliche Galettes und Cr\u00eapes, Muscheln und vor allem&#8230; Sie haben die M\u00f6glichkeit, die Spezialit\u00e4t der Insel zu probieren und die ber\u00fchmten &#8222;Patagos&#8220; zu kosten.<br\/>Ein reines Vergn\u00fcgen!<\/p>\n<\/div><\/div>\n<div class=\"wp-block-sev-diaporama alignfull\">\t\t\t<div id=\"sevgallery-918268368\" class=\"sev-diaporama sev-diaporama-portfolio\">\r\n\t\t\t<div class=\"row\">\r\n\r\n\t\t\t\r\n\t\t\t\t\r\n\t\t\t\t<div class=\"sev-diaporama-portfolio-item col-12 col-sm  col-grow\">\r\n\r\n\t\t\t\t\t\t\t\t\t\t<a href=\"https:\/\/www.camping-leboisverdon.com\/wp-content\/uploads\/2023\/01\/ile-d-yeu-cote-rocheuse.jpg\" data-lightbox=\"sevgallery-918268368\" style=\"background-image: url(https:\/\/www.camping-leboisverdon.com\/wp-content\/uploads\/2023\/01\/ile-d-yeu-cote-rocheuse.jpg)\">\r\n\t\t\t\t\t\t\t\t\t\t\t<img decoding=\"async\" src=\"https:\/\/www.camping-leboisverdon.com\/wp-content\/uploads\/2023\/01\/ile-d-yeu-cote-rocheuse.jpg\" alt=\"visite de l&#039;\u00eele d&#039;Yeu pr\u00e8s du camping\" loading=\"lazy\">\r\n\t\t\t\t\t\t\t\t\t\t<\/a>\r\n\t\t\t\t\t\t\t\t\t<\/div>\r\n\r\n\t\t\t\t\r\n\t\t\t\t\t\t\t\t\t\t\t\r\n\t\t\t\t\r\n\t\t\t\t<div class=\"sev-diaporama-portfolio-item col-12 col-sm  col-shrink\">\r\n\r\n\t\t\t\t\t\t\t\t\t\t<a href=\"https:\/\/www.camping-leboisverdon.com\/wp-content\/uploads\/2023\/01\/ile-d-yeu-vue-aerienne-port-joinville-2.jpg\" data-lightbox=\"sevgallery-918268368\" style=\"background-image: url(https:\/\/www.camping-leboisverdon.com\/wp-content\/uploads\/2023\/01\/ile-d-yeu-vue-aerienne-port-joinville-2.jpg)\">\r\n\t\t\t\t\t\t\t\t\t\t\t<img decoding=\"async\" src=\"https:\/\/www.camping-leboisverdon.com\/wp-content\/uploads\/2023\/01\/ile-d-yeu-vue-aerienne-port-joinville-2.jpg\" alt=\"visite de l&#039;\u00eele d&#039;Yeu pr\u00e8s du camping\" loading=\"lazy\">\r\n\t\t\t\t\t\t\t\t\t\t<\/a>\r\n\t\t\t\t\t\t\t\t\t<\/div>\r\n\r\n\t\t\t\t\r\n\t\t\t\t\t\t\t\t\t\t\t\r\n\t\t\t\t\r\n\t\t\t\t<div class=\"sev-diaporama-portfolio-item col-12 col-sm  col-grow\">\r\n\r\n\t\t\t\t\t\t\t\t\t\t<a href=\"https:\/\/www.camping-leboisverdon.com\/wp-content\/uploads\/2023\/01\/ile-d-yeu-IMG_8559.jpg\" data-lightbox=\"sevgallery-918268368\" style=\"background-image: url(https:\/\/www.camping-leboisverdon.com\/wp-content\/uploads\/2023\/01\/ile-d-yeu-IMG_8559.jpg)\">\r\n\t\t\t\t\t\t\t\t\t\t\t<img decoding=\"async\" src=\"https:\/\/www.camping-leboisverdon.com\/wp-content\/uploads\/2023\/01\/ile-d-yeu-IMG_8559.jpg\" alt=\"journ\u00e9e \u00e0 l&#039;\u00eele d&#039;Yeu Vend\u00e9e\" loading=\"lazy\">\r\n\t\t\t\t\t\t\t\t\t\t<\/a>\r\n\t\t\t\t\t\t\t\t\t<\/div>\r\n\r\n\t\t\t\t\r\n\t\t\t\t\t\t\t\t\t\t\t\r\n\t\t\t\t\r\n\t\t\t\t<div class=\"sev-diaporama-portfolio-item col-12 col-sm  col-grow\">\r\n\r\n\t\t\t\t\t\t\t\t\t\t<a href=\"https:\/\/www.camping-leboisverdon.com\/wp-content\/uploads\/2023\/01\/ile-d-yeu-port-joinville-bateaux-1.jpg\" data-lightbox=\"sevgallery-918268368\" style=\"background-image: url(https:\/\/www.camping-leboisverdon.com\/wp-content\/uploads\/2023\/01\/ile-d-yeu-port-joinville-bateaux-1.jpg)\">\r\n\t\t\t\t\t\t\t\t\t\t\t<img decoding=\"async\" src=\"https:\/\/www.camping-leboisverdon.com\/wp-content\/uploads\/2023\/01\/ile-d-yeu-port-joinville-bateaux-1.jpg\" alt=\"camping proche \u00eele d&#039;Yeu\" loading=\"lazy\">\r\n\t\t\t\t\t\t\t\t\t\t<\/a>\r\n\t\t\t\t\t\t\t\t\t<\/div>\r\n\r\n\t\t\t\t\t\t\t\t\t<div class=\"w-100\"><\/div>\r\n\t\t\t\t\t\t\t\t\t\r\n\t\t\t\t\t\t\t\t\t\t\t\r\n\t\t\t\t\r\n\t\t\t\t<div class=\"sev-diaporama-portfolio-item col-12 col-sm  col-grow\">\r\n\r\n\t\t\t\t\t\t\t\t\t\t<a href=\"https:\/\/www.camping-leboisverdon.com\/wp-content\/uploads\/2023\/01\/ile-d-yeu-vieux-chateau-2.jpg\" data-lightbox=\"sevgallery-918268368\" style=\"background-image: url(https:\/\/www.camping-leboisverdon.com\/wp-content\/uploads\/2023\/01\/ile-d-yeu-vieux-chateau-2.jpg)\">\r\n\t\t\t\t\t\t\t\t\t\t\t<img decoding=\"async\" src=\"https:\/\/www.camping-leboisverdon.com\/wp-content\/uploads\/2023\/01\/ile-d-yeu-vieux-chateau-2.jpg\" alt=\"vieux chateau de l&#039;\u00eele d&#039;Yeu\" loading=\"lazy\">\r\n\t\t\t\t\t\t\t\t\t\t<\/a>\r\n\t\t\t\t\t\t\t\t\t<\/div>\r\n\r\n\t\t\t\t\r\n\t\t\t\t\t\t\t\t\t\t\t\r\n\t\t\t\t\r\n\t\t\t\t<div class=\"sev-diaporama-portfolio-item col-12 col-sm  col-grow\">\r\n\r\n\t\t\t\t\t\t\t\t\t\t<a href=\"https:\/\/www.camping-leboisverdon.com\/wp-content\/uploads\/2023\/11\/ile-d-yeu-IMG_8494-2.jpg\" data-lightbox=\"sevgallery-918268368\" style=\"background-image: url(https:\/\/www.camping-leboisverdon.com\/wp-content\/uploads\/2023\/11\/ile-d-yeu-IMG_8494-2.jpg)\">\r\n\t\t\t\t\t\t\t\t\t\t\t<img decoding=\"async\" src=\"https:\/\/www.camping-leboisverdon.com\/wp-content\/uploads\/2023\/11\/ile-d-yeu-IMG_8494-2.jpg\" alt=\"d\u00e9couverte du port de l&#039;\u00eele d&#039;Yeu\" loading=\"lazy\">\r\n\t\t\t\t\t\t\t\t\t\t<\/a>\r\n\t\t\t\t\t\t\t\t\t<\/div>\r\n\r\n\t\t\t\t\r\n\t\t\t\t\t\t\t\t\t\t\t\r\n\t\t\t\t\r\n\t\t\t\t<div class=\"sev-diaporama-portfolio-item col-12 col-sm \">\r\n\r\n\t\t\t\t\t\t\t\t\t\t<a href=\"https:\/\/www.camping-leboisverdon.com\/wp-content\/uploads\/2023\/11\/ile-d-yeu-IMG_8425.jpg\" data-lightbox=\"sevgallery-918268368\" style=\"background-image: url(https:\/\/www.camping-leboisverdon.com\/wp-content\/uploads\/2023\/11\/ile-d-yeu-IMG_8425.jpg)\">\r\n\t\t\t\t\t\t\t\t\t\t\t<img decoding=\"async\" src=\"https:\/\/www.camping-leboisverdon.com\/wp-content\/uploads\/2023\/11\/ile-d-yeu-IMG_8425.jpg\" alt=\"visite de l&#039;ile d&#039;Yeu en Vend\u00e9e\" loading=\"lazy\">\r\n\t\t\t\t\t\t\t\t\t\t<\/a>\r\n\t\t\t\t\t\t\t\t\t<\/div>\r\n\r\n\t\t\t\t\r\n\t\t\t\t\t\t\t\t\t\t\t\t\t\t<\/div>\r\n\t\t\t<\/div>\r\n\r\n\t\t\t<script>\r\n\t\t\tjQuery(function($) {\r\n\r\n\t\t\t\tvar marginPortfolio = function() {\r\n\r\n\t\t\t\t\tvar $diapo          = $('#sevgallery-918268368');\r\n\t\t\t\t\tvar container_width = $diapo.parent().outerWidth();\r\n\t\t\t\t\tvar side            = ( $(window).innerWidth() - container_width ) \/ 2;\r\n\r\n\t\t\t\t\t$diapo.css( {\r\n\t\t\t\t\t\t'margin-left': '-' + side + 'px',\r\n\t\t\t\t\t\t'margin-right': '-' + side + 'px',\r\n\t\t\t\t\t} );\r\n\t\t\t\t};\r\n\r\n\t\t\t\t$( window ).resize( function() {\r\n\t\t\t\t\tmarginPortfolio();\r\n\t\t\t\t} );\r\n\t\t\t\tmarginPortfolio();\r\n\t\t\t});\r\n\t\t\t<\/script>\r\n\t\t\t<\/div>","protected":false},"excerpt":{"rendered":"<p>Erfahrung Insel Yeu Dauer: 1 Tag FLUCHEN Sie sehnen sich nach Exotik und fernen Horizonten?Sie tr\u00e4umen davon, einen wei\u00dfen Sandstrand zu betreten und in kristallklarem Wasser zu baden?Sie brauchen Phantasie und Wunder&#8230; Sie m\u00fcssen nicht zum Flughafen von Nantes fahren und den Ozean \u00fcberqueren, um diese Traumvision zu erleben.Fliegen Sie stattdessen zur \u00cele d&#8217;Yeu, diesem [&hellip;]<\/p>\n","protected":false},"author":1,"featured_media":0,"parent":2666,"menu_order":0,"comment_status":"closed","ping_status":"closed","template":"","meta":{"_seopress_robots_primary_cat":"","_seopress_titles_title":"","_seopress_titles_desc":"","_seopress_robots_index":"","footnotes":""},"class_list":["post-2545","page","type-page","status-publish","hentry"],"_links":{"self":[{"href":"https:\/\/www.camping-leboisverdon.com\/de\/wp-json\/wp\/v2\/pages\/2545","targetHints":{"allow":["GET"]}}],"collection":[{"href":"https:\/\/www.camping-leboisverdon.com\/de\/wp-json\/wp\/v2\/pages"}],"about":[{"href":"https:\/\/www.camping-leboisverdon.com\/de\/wp-json\/wp\/v2\/types\/page"}],"author":[{"embeddable":true,"href":"https:\/\/www.camping-leboisverdon.com\/de\/wp-json\/wp\/v2\/users\/1"}],"replies":[{"embeddable":true,"href":"https:\/\/www.camping-leboisverdon.com\/de\/wp-json\/wp\/v2\/comments?post=2545"}],"version-history":[{"count":1,"href":"https:\/\/www.camping-leboisverdon.com\/de\/wp-json\/wp\/v2\/pages\/2545\/revisions"}],"predecessor-version":[{"id":2553,"href":"https:\/\/www.camping-leboisverdon.com\/de\/wp-json\/wp\/v2\/pages\/2545\/revisions\/2553"}],"up":[{"embeddable":true,"href":"https:\/\/www.camping-leboisverdon.com\/de\/wp-json\/wp\/v2\/pages\/2666"}],"wp:attachment":[{"href":"https:\/\/www.camping-leboisverdon.com\/de\/wp-json\/wp\/v2\/media?parent=2545"}],"curies":[{"name":"wp","href":"https:\/\/api.w.org\/{rel}","templated":true}]}}