{"id":2284,"date":"2023-01-24T15:32:44","date_gmt":"2023-01-24T14:32:44","guid":{"rendered":"https:\/\/www.camping-leboisverdon.com\/hebergement\/pauschale-komfort\/"},"modified":"2025-01-24T15:05:56","modified_gmt":"2025-01-24T14:05:56","slug":"pauschale-komfort","status":"publish","type":"hebergement","link":"https:\/\/www.camping-leboisverdon.com\/de\/hebergement\/pauschale-komfort\/","title":{"rendered":"Pauschale Komfort"},"content":{"rendered":"\n<h1 class=\"wp-block-heading alignfull has-text-align-center has-playfair-display-font-family has-var-wp-preset-font-size-moyen-font-size\" style=\"font-family:var(--wp--preset--font-family--opensans);font-style:normal;font-weight:400;text-transform:none\">Komfort-Paket  <\/h1>\n\n\n\n<div class=\"wp-block-group alignfull is-layout-constrained wp-block-group-is-layout-constrained\"><div class=\"wp-block-sev-display-item-attributes\">\t\t\t<div class=\"attributes-field\" data-field=\"nb_personnes\">\n\t\t\t\t\n\t\t\t\t<i class=\"far fa-user\"><\/i>\n\n\t\t\t\t<div class=\"fields-values\">\n\n\t\t\t\t\t\t\t\t\t\t\t<div class=\"val\">\n\t\t\t\t\t\t\t1\/6\t\t\t\t\t\t<\/div>\n\t\t\t\t\t\n\t\t\t\t\t\t\t\t\t\t\t<div class=\"unit\">\n\t\t\t\t\t\t\tPersonen\t\t\t\t\t\t<\/div>\n\t\t\t\t\t\t\t\t\t<\/div>\n\t\t\t<\/div>\n\t\t\t<\/div><\/div>\n\n\n\n<div style=\"height:30px\" aria-hidden=\"true\" class=\"wp-block-spacer\"><\/div>\n\n\n\n<div class=\"wp-block-media-text alignwide is-stacked-on-mobile is-image-fill-element\"><figure class=\"wp-block-media-text__media\"><a href=\"https:\/\/www.camping-leboisverdon.com\/hebergement\/forfait-confort\/#photos\"><img loading=\"lazy\" decoding=\"async\" width=\"533\" height=\"400\" src=\"https:\/\/www.camping-leboisverdon.com\/wp-content\/uploads\/2023\/02\/DSC03679.jpg\" alt=\"\" class=\"wp-image-2083 size-full\" style=\"object-position:50% 50%\" srcset=\"https:\/\/www.camping-leboisverdon.com\/wp-content\/uploads\/2023\/02\/DSC03679.jpg 533w, https:\/\/www.camping-leboisverdon.com\/wp-content\/uploads\/2023\/02\/DSC03679-300x225.jpg 300w\" sizes=\"auto, (max-width: 533px) 100vw, 533px\" \/><\/a><\/figure><div class=\"wp-block-media-text__content\">\n<p>Wir begr\u00fc\u00dfen Sie mit <strong>Zelt, Wohnwagen oder Wohnmobil<\/strong> auf unseren <strong>ger\u00e4umigen<\/strong>, <strong>abgegrenzten<\/strong>, <strong>halbschattigen<\/strong> Stellpl\u00e4tzen auf flachem, grasbewachsenem Gel\u00e4nde mit 10-Ampere-Stromanschluss.<\/p>\n\n\n\n<p>Stellen Sie Ihr Zelt auf oder richten Sie Ihr Wohnmobil oder Ihren Wohnwagen auf einem unserer gesch\u00fctzten und schattigen Pl\u00e4tze inmitten eines Bouquets aus Steineichen ein, um einen ruhigen und naturnahen Urlaub zu verbringen.<\/p>\n\n\n\n<p><strong>Zu Ihrer Verf\u00fcgung:<\/strong><\/p>\n\n\n\n<ul class=\"wp-block-list\">\n<li>Zwei atypische, k\u00fcrzlich renovierte Sanit\u00e4ranlagen, von denen eine eine alte Weinpresse und die andere ihr Nebengeb\u00e4ude war.<\/li>\n\n\n\n<li>Eine Sanit\u00e4ranlage f\u00fcr Personen mit eingeschr\u00e4nkter Mobilit\u00e4t.<\/li>\n\n\n\n<li>Ausgussbecken f\u00fcr chemische Toiletten.<\/li>\n\n\n\n<li>Waschraum (Waschmaschine und Trockner), Verleih von B\u00fcgeleisen und B\u00fcgelbrett.<\/li>\n\n\n\n<li>Gasgrill mieten<\/li>\n\n\n\n<li>Leihweise elektrischer Adapter<\/li>\n<\/ul>\n<\/div><\/div>\n\n\n\n<div style=\"height:30px\" aria-hidden=\"true\" class=\"wp-block-spacer\"><\/div>\n\n\n\n<div class=\"wp-block-columns are-vertically-aligned-center single-item-prestas-bottom is-layout-flex wp-container-core-columns-is-layout-28f84493 wp-block-columns-is-layout-flex\">\n<div class=\"wp-block-column is-vertically-aligned-center single-item-prestas-incluses is-layout-flow wp-block-column-is-layout-flow\">\n<p class=\"has-text-align-center has-opensans-font-family has-moyen-font-size\">Enthaltene Leistungen<\/p>\n<\/div>\n\n\n\n<div class=\"wp-block-column is-vertically-aligned-center single-item-prestas-options is-layout-flow wp-block-column-is-layout-flow\">\n<p class=\"has-text-align-center has-opensans-font-family has-moyen-font-size\">Optionale Leistungen<\/p>\n<\/div>\n<\/div>\n\n\n\n<div class=\"wp-block-columns is-layout-flex wp-container-core-columns-is-layout-28f84493 wp-block-columns-is-layout-flex\">\n<div class=\"wp-block-column is-layout-flow wp-block-column-is-layout-flow\">\t\t<div class=\"presta-items\">\n\t\t\n\t\t\t\n\t\t\t<div class=\"presta-item\">\n\t\t\t\t<div class=\"picto picto-eletricite\"><\/div>\n\t\t\t\t<span class=\"lbl\">Elektrizit\u00e4t 10 A<\/span>\n\t\t\t<\/div>\n\n\t\t\n\t\t\t\n\t\t\t<div class=\"presta-item\">\n\t\t\t\t<div class=\"picto picto-voiture\"><\/div>\n\t\t\t\t<span class=\"lbl\">Privater Parkplatz<\/span>\n\t\t\t<\/div>\n\n\t\t\t\t<\/div>\n\t\t<\/div>\n\n\n\n<div class=\"wp-block-column is-layout-flow wp-block-column-is-layout-flow\">\t\t<div class=\"presta-items\">\n\t\t\n\t\t\t\n\t\t\t<div class=\"presta-item\">\n\t\t\t\t<div class=\"picto picto-barbecue\"><\/div>\n\t\t\t\t<span class=\"lbl\">Grill<\/span>\n\t\t\t<\/div>\n\n\t\t\n\t\t\t\n\t\t\t<div class=\"presta-item\">\n\t\t\t\t<div class=\"picto picto-frigo\"><\/div>\n\t\t\t\t<span class=\"lbl\">K\u00fchlschrank<\/span>\n\t\t\t<\/div>\n\n\t\t\n\t\t\t\n\t\t\t<div class=\"presta-item\">\n\t\t\t\t<div class=\"picto picto-wifi\"><\/div>\n\t\t\t\t<span class=\"lbl\">Wifi<\/span>\n\t\t\t<\/div>\n\n\t\t\t\t<\/div>\n\t\t<\/div>\n<\/div>\n\n\n\n<p class=\"has-opensans-font-family has-moyen-font-size\">Preise und Verf\u00fcgungen<\/p>\n\n\n\n<p><strong>Buchungsmodalit\u00e4ten :<\/strong><\/p>\n\n\n\n<p>Wir empfehlen Ihnen, Ihren Stellplatz f\u00fcr einen Aufenthalt ab einer Woche zu reservieren.<\/p>\n\n\n\n<p><\/p>\n\n\n\n<ul class=\"wp-block-list\">\n<li>An- und Abreise t\u00e4glich von 14:30 bis 12:00 Uhr.<\/li>\n\n\n\n<li>Pro Stellplatz sind maximal 6 Personen erlaubt.<\/li>\n\n\n\n<li>Minderj\u00e4hrige sind nur in Begleitung eines Elternteils w\u00e4hrend des gesamten Aufenthalts erlaubt.<\/li>\n\n\n\n<li>Haustiere sind erlaubt (au\u00dfer Hunde der Kategorien 1&amp;2) und m\u00fcssen zwingend t\u00e4towiert und geimpft sein.<\/li>\n\n\n\n<li>Es sind nur Gas- und Elektrogrills mit einer Leistung von weniger als 2000 W erlaubt.<\/li>\n<\/ul>\n\n\n\n<p>F\u00fcr die Reservierung eines Stellplatzes: Anzahlung von 30% + Reservierungskosten, Restbetrag bei der Ankunft zu begleichen.<\/p>\n\n\n\n<p>Stellpl\u00e4tze: Anreise ab 14:30 Uhr, Abreise bis 12 Uhr.<br>Zelt, Wohnwagen, Wohnmobil: Maximal 6 Personen auf dem Stellplatz.<\/p>\n\n\n\n<div class=\"wp-block-group is-layout-flow wp-block-group-is-layout-flow\">\n<ctv-availability data-product-id=\"88566\" data-background-color=\"#FFFFFFFF\"><\/ctv-availability>\n<\/div>\n\n\n\n<div class=\"wp-block-group alignfull has-white-color has-cyan-background-color has-text-color has-background is-layout-flow wp-container-core-group-is-layout-46f07e39 wp-block-group-is-layout-flow\" style=\"padding-top:15px;padding-right:15px;padding-bottom:15px;padding-left:15px\">\n<p class=\"has-text-align-center has-opensans-font-family has-moyen-font-size\" id=\"photos\">Fotos der Unterkunft<\/p>\n\n\n<div class=\"wp-block-sev-diaporama alignwide\">\r\n        <div class=\"list-sev-diaporama-slide\" data-id=\"sevdiaporama_slide_4259795894\" data-fullscreen=\"1\">\r\n                                            <div class=\"oneslide\"\r\n                     data-img=\"https:\/\/www.camping-leboisverdon.com\/wp-content\/uploads\/2025\/01\/EMPL2-1024x683.jpg\" style=\"background-image: url(https:\/\/www.camping-leboisverdon.com\/wp-content\/uploads\/2025\/01\/EMPL2-1024x683.jpg)\"\r\n                     data-imghd=\"https:\/\/www.camping-leboisverdon.com\/wp-content\/uploads\/2025\/01\/EMPL2-1920x1080.jpg\"\r\n                     data-alt=\"\"\r\n                     data-desc=\"\"\r\n                     data-text=\"\"\r\n                ><\/div>\r\n                                            <div class=\"oneslide\"\r\n                     data-img=\"https:\/\/www.camping-leboisverdon.com\/wp-content\/uploads\/2023\/01\/Emp-Tradi-01-1024x768.jpg\" style=\"background-image: url(https:\/\/www.camping-leboisverdon.com\/wp-content\/uploads\/2023\/01\/Emp-Tradi-01-1024x768.jpg)\"\r\n                     data-imghd=\"https:\/\/www.camping-leboisverdon.com\/wp-content\/uploads\/2023\/01\/Emp-Tradi-01.jpg\"\r\n                     data-alt=\"Trouver un camping proche plages et pistes cyclables Saint Jean de Monts\"\r\n                     data-desc=\"\"\r\n                     data-text=\"\"\r\n                ><\/div>\r\n                                            <div class=\"oneslide\"\r\n                     data-img=\"https:\/\/www.camping-leboisverdon.com\/wp-content\/uploads\/2023\/01\/EMPL4-1024x768.jpg\" style=\"background-image: url(https:\/\/www.camping-leboisverdon.com\/wp-content\/uploads\/2023\/01\/EMPL4-1024x768.jpg)\"\r\n                     data-imghd=\"https:\/\/www.camping-leboisverdon.com\/wp-content\/uploads\/2023\/01\/EMPL4-1920x1080.jpg\"\r\n                     data-alt=\"\"\r\n                     data-desc=\"\"\r\n                     data-text=\"\"\r\n                ><\/div>\r\n                                            <div class=\"oneslide\"\r\n                     data-img=\"https:\/\/www.camping-leboisverdon.com\/wp-content\/uploads\/2023\/01\/EMPL1-1024x683.jpg\" style=\"background-image: url(https:\/\/www.camping-leboisverdon.com\/wp-content\/uploads\/2023\/01\/EMPL1-1024x683.jpg)\"\r\n                     data-imghd=\"https:\/\/www.camping-leboisverdon.com\/wp-content\/uploads\/2023\/01\/EMPL1-1920x1080.jpg\"\r\n                     data-alt=\"\"\r\n                     data-desc=\"\"\r\n                     data-text=\"\"\r\n                ><\/div>\r\n                                            <div class=\"oneslide\"\r\n                     data-img=\"https:\/\/www.camping-leboisverdon.com\/wp-content\/uploads\/2023\/01\/Emp-tradi-04-1024x575.jpg\" style=\"background-image: url(https:\/\/www.camping-leboisverdon.com\/wp-content\/uploads\/2023\/01\/Emp-tradi-04-1024x575.jpg)\"\r\n                     data-imghd=\"https:\/\/www.camping-leboisverdon.com\/wp-content\/uploads\/2023\/01\/Emp-tradi-04-1920x1080.jpg\"\r\n                     data-alt=\"Camping le Bois Verdon\"\r\n                     data-desc=\"\"\r\n                     data-text=\"\"\r\n                ><\/div>\r\n                                            <div class=\"oneslide\"\r\n                     data-img=\"https:\/\/www.camping-leboisverdon.com\/wp-content\/uploads\/2023\/01\/Emp-tradi-02-1024x768.jpg\" style=\"background-image: url(https:\/\/www.camping-leboisverdon.com\/wp-content\/uploads\/2023\/01\/Emp-tradi-02-1024x768.jpg)\"\r\n                     data-imghd=\"https:\/\/www.camping-leboisverdon.com\/wp-content\/uploads\/2023\/01\/Emp-tradi-02-1920x1080.jpg\"\r\n                     data-alt=\"Camping le Bois Verdon\"\r\n                     data-desc=\"\"\r\n                     data-text=\"\"\r\n                ><\/div>\r\n                                            <div class=\"oneslide\"\r\n                     data-img=\"https:\/\/www.camping-leboisverdon.com\/wp-content\/uploads\/2023\/01\/Emp-bambou-02-1024x768.jpg\" style=\"background-image: url(https:\/\/www.camping-leboisverdon.com\/wp-content\/uploads\/2023\/01\/Emp-bambou-02-1024x768.jpg)\"\r\n                     data-imghd=\"https:\/\/www.camping-leboisverdon.com\/wp-content\/uploads\/2023\/01\/Emp-bambou-02-1920x1080.jpg\"\r\n                     data-alt=\"Donner top 10 camping Saint Jean de Monts\"\r\n                     data-desc=\"\"\r\n                     data-text=\"\"\r\n                ><\/div>\r\n                                            <div class=\"oneslide\"\r\n                     data-img=\"https:\/\/www.camping-leboisverdon.com\/wp-content\/uploads\/2023\/01\/20210508_093932-1-768x1024.jpg\" style=\"background-image: url(https:\/\/www.camping-leboisverdon.com\/wp-content\/uploads\/2023\/01\/20210508_093932-1-768x1024.jpg)\"\r\n                     data-imghd=\"https:\/\/www.camping-leboisverdon.com\/wp-content\/uploads\/2023\/01\/20210508_093932-1.jpg\"\r\n                     data-alt=\"camping avec sanitaires modernes\"\r\n                     data-desc=\"\"\r\n                     data-text=\"\"\r\n                ><\/div>\r\n                                            <div class=\"oneslide\"\r\n                     data-img=\"https:\/\/www.camping-leboisverdon.com\/wp-content\/uploads\/2023\/01\/20210508_094257-1024x768.jpg\" style=\"background-image: url(https:\/\/www.camping-leboisverdon.com\/wp-content\/uploads\/2023\/01\/20210508_094257-1024x768.jpg)\"\r\n                     data-imghd=\"https:\/\/www.camping-leboisverdon.com\/wp-content\/uploads\/2023\/01\/20210508_094257.jpg\"\r\n                     data-alt=\"camping avec sanitaires neufs et modernes \u00e0 saint jean de monts\"\r\n                     data-desc=\"\"\r\n                     data-text=\"\"\r\n                ><\/div>\r\n                                            <div class=\"oneslide\"\r\n                     data-img=\"https:\/\/www.camping-leboisverdon.com\/wp-content\/uploads\/2023\/01\/20210508_094217-768x1024.jpg\" style=\"background-image: url(https:\/\/www.camping-leboisverdon.com\/wp-content\/uploads\/2023\/01\/20210508_094217-768x1024.jpg)\"\r\n                     data-imghd=\"https:\/\/www.camping-leboisverdon.com\/wp-content\/uploads\/2023\/01\/20210508_094217.jpg\"\r\n                     data-alt=\"camping avec sanitaires neufs et modernes \u00e0 saint jean de monts\"\r\n                     data-desc=\"\"\r\n                     data-text=\"\"\r\n                ><\/div>\r\n                                            <div class=\"oneslide\"\r\n                     data-img=\"https:\/\/www.camping-leboisverdon.com\/wp-content\/uploads\/2023\/01\/20210508_094038-768x1024.jpg\" style=\"background-image: url(https:\/\/www.camping-leboisverdon.com\/wp-content\/uploads\/2023\/01\/20210508_094038-768x1024.jpg)\"\r\n                     data-imghd=\"https:\/\/www.camping-leboisverdon.com\/wp-content\/uploads\/2023\/01\/20210508_094038.jpg\"\r\n                     data-alt=\"camping avec sanitaires neufs et modernes\"\r\n                     data-desc=\"\"\r\n                     data-text=\"\"\r\n                ><\/div>\r\n                    <\/div>\r\n\r\n\r\n        <div class=\"container-carousel-sevdiaporama_slide_4259795894\">\r\n            <div id=\"sevdiaporama_slide_4259795894\" class=\"carousel slide sev-diaporama-slide\">\r\n                <div class=\"carousel-inner\">\r\n                                                                <div class=\"carousel-item active\">\r\n                            \r\n\t\t\t\t\t\t\t                            <a href=\"https:\/\/www.camping-leboisverdon.com\/wp-content\/uploads\/2025\/01\/EMPL2-1024x683.jpg\" data-lightbox=\"sevdiaporama_slide_4259795894\">\r\n\t\t\t\t\t\t\t                                <img decoding=\"async\" src=\"https:\/\/www.camping-leboisverdon.com\/wp-content\/uploads\/2025\/01\/EMPL2-1024x683.jpg\" class=\"d-block w-100\">\r\n\t\t\t\t\t\t\t                            <\/a>\r\n\t\t\t\t\t\t\t                        <\/div>\r\n\r\n                                                                    <div class=\"carousel-item \">\r\n                            \r\n\t\t\t\t\t\t\t                            <a href=\"https:\/\/www.camping-leboisverdon.com\/wp-content\/uploads\/2023\/01\/Emp-Tradi-01-1024x768.jpg\" data-lightbox=\"sevdiaporama_slide_4259795894\">\r\n\t\t\t\t\t\t\t                                <img decoding=\"async\" src=\"https:\/\/www.camping-leboisverdon.com\/wp-content\/uploads\/2023\/01\/Emp-Tradi-01-1024x768.jpg\" class=\"d-block w-100\">\r\n\t\t\t\t\t\t\t                            <\/a>\r\n\t\t\t\t\t\t\t                        <\/div>\r\n\r\n                                                                    <div class=\"carousel-item \">\r\n                            \r\n\t\t\t\t\t\t\t                            <a href=\"https:\/\/www.camping-leboisverdon.com\/wp-content\/uploads\/2023\/01\/EMPL4-1024x768.jpg\" data-lightbox=\"sevdiaporama_slide_4259795894\">\r\n\t\t\t\t\t\t\t                                <img decoding=\"async\" src=\"https:\/\/www.camping-leboisverdon.com\/wp-content\/uploads\/2023\/01\/EMPL4-1024x768.jpg\" class=\"d-block w-100\">\r\n\t\t\t\t\t\t\t                            <\/a>\r\n\t\t\t\t\t\t\t                        <\/div>\r\n\r\n                                                                    <div class=\"carousel-item \">\r\n                            \r\n\t\t\t\t\t\t\t                            <a href=\"https:\/\/www.camping-leboisverdon.com\/wp-content\/uploads\/2023\/01\/EMPL1-1024x683.jpg\" data-lightbox=\"sevdiaporama_slide_4259795894\">\r\n\t\t\t\t\t\t\t                                <img decoding=\"async\" src=\"https:\/\/www.camping-leboisverdon.com\/wp-content\/uploads\/2023\/01\/EMPL1-1024x683.jpg\" class=\"d-block w-100\">\r\n\t\t\t\t\t\t\t                            <\/a>\r\n\t\t\t\t\t\t\t                        <\/div>\r\n\r\n                                                                    <div class=\"carousel-item \">\r\n                            \r\n\t\t\t\t\t\t\t                            <a href=\"https:\/\/www.camping-leboisverdon.com\/wp-content\/uploads\/2023\/01\/Emp-tradi-04-1024x575.jpg\" data-lightbox=\"sevdiaporama_slide_4259795894\">\r\n\t\t\t\t\t\t\t                                <img decoding=\"async\" src=\"https:\/\/www.camping-leboisverdon.com\/wp-content\/uploads\/2023\/01\/Emp-tradi-04-1024x575.jpg\" class=\"d-block w-100\">\r\n\t\t\t\t\t\t\t                            <\/a>\r\n\t\t\t\t\t\t\t                        <\/div>\r\n\r\n                                                                    <div class=\"carousel-item \">\r\n                            \r\n\t\t\t\t\t\t\t                            <a href=\"https:\/\/www.camping-leboisverdon.com\/wp-content\/uploads\/2023\/01\/Emp-tradi-02-1024x768.jpg\" data-lightbox=\"sevdiaporama_slide_4259795894\">\r\n\t\t\t\t\t\t\t                                <img decoding=\"async\" src=\"https:\/\/www.camping-leboisverdon.com\/wp-content\/uploads\/2023\/01\/Emp-tradi-02-1024x768.jpg\" class=\"d-block w-100\">\r\n\t\t\t\t\t\t\t                            <\/a>\r\n\t\t\t\t\t\t\t                        <\/div>\r\n\r\n                                                                    <div class=\"carousel-item \">\r\n                            \r\n\t\t\t\t\t\t\t                            <a href=\"https:\/\/www.camping-leboisverdon.com\/wp-content\/uploads\/2023\/01\/Emp-bambou-02-1024x768.jpg\" data-lightbox=\"sevdiaporama_slide_4259795894\">\r\n\t\t\t\t\t\t\t                                <img decoding=\"async\" src=\"https:\/\/www.camping-leboisverdon.com\/wp-content\/uploads\/2023\/01\/Emp-bambou-02-1024x768.jpg\" class=\"d-block w-100\">\r\n\t\t\t\t\t\t\t                            <\/a>\r\n\t\t\t\t\t\t\t                        <\/div>\r\n\r\n                                                                    <div class=\"carousel-item \">\r\n                            \r\n\t\t\t\t\t\t\t                            <a href=\"https:\/\/www.camping-leboisverdon.com\/wp-content\/uploads\/2023\/01\/20210508_093932-1-768x1024.jpg\" data-lightbox=\"sevdiaporama_slide_4259795894\">\r\n\t\t\t\t\t\t\t                                <img decoding=\"async\" src=\"https:\/\/www.camping-leboisverdon.com\/wp-content\/uploads\/2023\/01\/20210508_093932-1-768x1024.jpg\" class=\"d-block w-100\">\r\n\t\t\t\t\t\t\t                            <\/a>\r\n\t\t\t\t\t\t\t                        <\/div>\r\n\r\n                                                                    <div class=\"carousel-item \">\r\n                            \r\n\t\t\t\t\t\t\t                            <a href=\"https:\/\/www.camping-leboisverdon.com\/wp-content\/uploads\/2023\/01\/20210508_094257-1024x768.jpg\" data-lightbox=\"sevdiaporama_slide_4259795894\">\r\n\t\t\t\t\t\t\t                                <img decoding=\"async\" src=\"https:\/\/www.camping-leboisverdon.com\/wp-content\/uploads\/2023\/01\/20210508_094257-1024x768.jpg\" class=\"d-block w-100\">\r\n\t\t\t\t\t\t\t                            <\/a>\r\n\t\t\t\t\t\t\t                        <\/div>\r\n\r\n                                                                    <div class=\"carousel-item \">\r\n                            \r\n\t\t\t\t\t\t\t                            <a href=\"https:\/\/www.camping-leboisverdon.com\/wp-content\/uploads\/2023\/01\/20210508_094217-768x1024.jpg\" data-lightbox=\"sevdiaporama_slide_4259795894\">\r\n\t\t\t\t\t\t\t                                <img decoding=\"async\" src=\"https:\/\/www.camping-leboisverdon.com\/wp-content\/uploads\/2023\/01\/20210508_094217-768x1024.jpg\" class=\"d-block w-100\">\r\n\t\t\t\t\t\t\t                            <\/a>\r\n\t\t\t\t\t\t\t                        <\/div>\r\n\r\n                                                                    <div class=\"carousel-item \">\r\n                            \r\n\t\t\t\t\t\t\t                            <a href=\"https:\/\/www.camping-leboisverdon.com\/wp-content\/uploads\/2023\/01\/20210508_094038-768x1024.jpg\" data-lightbox=\"sevdiaporama_slide_4259795894\">\r\n\t\t\t\t\t\t\t                                <img decoding=\"async\" src=\"https:\/\/www.camping-leboisverdon.com\/wp-content\/uploads\/2023\/01\/20210508_094038-768x1024.jpg\" class=\"d-block w-100\">\r\n\t\t\t\t\t\t\t                            <\/a>\r\n\t\t\t\t\t\t\t                        <\/div>\r\n\r\n                                                            <\/div>\r\n\r\n                <a class=\"carousel-control-prev\" href=\"#sevdiaporama_slide_4259795894\" role=\"button\" data-slide=\"prev\"><span class=\"carousel-control-prev-icon\" aria-hidden=\"true\"><\/span><span class=\"sr-only\">Pr\u00e9c\u00e9dent<\/span><\/a>\r\n                <a class=\"carousel-control-next\" href=\"#sevdiaporama_slide_4259795894\" role=\"button\" data-slide=\"next\"><span class=\"carousel-control-next-icon\" aria-hidden=\"true\"><\/span><span class=\"sr-only\">Suivant<\/span><\/a>\r\n\r\n            <\/div>\r\n        <\/div>\r\n\r\n        <script type=\"text\/javascript\">\r\n            jQuery( function($) {\r\n\r\n                changeSlideCarousel();\r\n\r\n                $(window).resize(function(){\r\n                    changeSlideCarousel();\r\n                });\r\n\r\n                function changeSlideCarousel() {\r\n\r\n                    $('.list-sev-diaporama-slide').each(function(index, slide) {\r\n\r\n                        var id_carousel = $(slide).attr('data-id');\r\n                        var containercarousel = '.container-carousel-' + id_carousel;\r\n\r\n                        $(containercarousel).hide();\r\n                        $(containercarousel).html('');\r\n\r\n                        let $i            = 0;\r\n                        var $num_by_slide = 3;\r\n                        let html          = '';\r\n                        let search        = '.list-sev-diaporama-slide[data-id=\"' + id_carousel + '\"] .oneslide';\r\n\r\n                        if(window.innerWidth >= 768 && window.innerWidth < 992) {\r\n                            $num_by_slide = 2;\r\n                        } else if(window.innerWidth < 768) {\r\n                            $num_by_slide = 1;\r\n                        }\r\n\r\n                        if( $(search).size() > 0 ) {\r\n\r\n                            $(containercarousel).append('<div id=\"' + id_carousel + '\" class=\"carousel slide sev-diaporama-slide\" data-ride=\"carousel\">');\r\n                            $('#' + id_carousel).append('<div class=\"carousel-inner\">');\r\n\r\n                            $(search).each(function(index, img) {\r\n\r\n                                let classes = ! $i ? ' active' : '';\r\n\r\n                                if( $i == 0 || $i % $num_by_slide == 0) {\r\n                                    if( $i != 0){\r\n                                        html += '<\/div>';\r\n                                        html += '<\/div>';\r\n                                    }\r\n                                    html += '<div class=\"carousel-item ' + classes + '\">';\r\n                                    html += '<div class=\"row\">';\r\n                                }\r\n\r\n                                html += '<div class=\"col-12 col-sm-' + ( 12 \/ $num_by_slide ) + '\">';\r\n                                if($(slide).attr('data-fullscreen') == 1) {\r\n                                    html += '<a ' + ' href' + '=' + '\"' + $(this).attr('data-imghd') + '\" data-lightbox=' + id_carousel + ' data-title=\"' + $(this).attr('data-alt') + '\" title=\"Agrandir\">';\r\n                                }\r\n\r\n                                html += '<img decoding=\"async\" class=\"d-block w-100\" src=\"' + $(this).attr('data-img') + '\" alt=\"' + $(this).attr('data-alt') + '\" desc=\"' + $(this).attr('data-desc') + '\" loading=\"lazy\">';\r\n\r\n                                if($(img).attr('data-text') != '') {\r\n                                    html += '<div class=\"carousel-caption d-none d-md-block\">';\r\n                                    html += '<div class=\"carousel-caption-title\">' + $(img).attr('data-text') + '<\/div>';\r\n                                    html += '<\/div>';\r\n                                }\r\n\r\n                                if($(slide).attr('data-fullscreen') == 1) {\r\n                                    html += '<span class=\"fullscreen\">';\r\n                                    html += '<i class=\"fas fa-search-plus\" aria-hidden=\"true\"><\/i>';\r\n                                    html += '<\/span>';\r\n                                    html += '<\/a>';\r\n                                }\r\n                                html += '<\/div>';\r\n\r\n                                if( $i == ( $('.list-autres-heberg .un-autre-heberg').lenght - 1 ) ) {\r\n                                    html += '<\/div>';\r\n                                    html += '<\/div>';\r\n                                }\r\n\r\n                                $i++;\r\n                            });\r\n\r\n                            $('#' + id_carousel + ' .carousel-inner').append(html);\r\n                            $('#' + id_carousel).append('<\/div>');\r\n                            $('#' + id_carousel).append('<a class=\"carousel-control-prev\" href=\"#' + id_carousel + '\" role=\"button\" data-slide=\"prev\"><span class=\"carousel-control-prev-icon\" aria-hidden=\"true\"><\/span><span class=\"sr-only\">Pr\u00e9c\u00e9dent<\/span><\/a>');\r\n                            $('#' + id_carousel).append('<a class=\"carousel-control-next\" href=\"#' + id_carousel + '\" role=\"button\" data-slide=\"next\"><span class=\"carousel-control-next-icon\" aria-hidden=\"true\"><\/span><span class=\"sr-only\">Suivant<\/span><\/a>');\r\n                            $(containercarousel).append('<\/div>');\r\n                        } else {\r\n                            $(containercarousel).append('<div class=\"no-result\">Aucun h\u00e9bergement ne correspond \u00e0 votre recherche<\/div>');\r\n                        }\r\n\r\n                        $(containercarousel).fadeIn(800, function() {\r\n                            lightbox.init();\r\n                        });\r\n                    });\r\n                }\r\n            });\r\n        <\/script>\r\n        <\/div><\/div>\n","protected":false},"parent":0,"menu_order":0,"template":"","class_list":["post-2284","hebergement","type-hebergement","status-publish","hentry"],"_links":{"self":[{"href":"https:\/\/www.camping-leboisverdon.com\/de\/wp-json\/wp\/v2\/hebergement\/2284","targetHints":{"allow":["GET"]}}],"collection":[{"href":"https:\/\/www.camping-leboisverdon.com\/de\/wp-json\/wp\/v2\/hebergement"}],"about":[{"href":"https:\/\/www.camping-leboisverdon.com\/de\/wp-json\/wp\/v2\/types\/hebergement"}],"version-history":[{"count":3,"href":"https:\/\/www.camping-leboisverdon.com\/de\/wp-json\/wp\/v2\/hebergement\/2284\/revisions"}],"predecessor-version":[{"id":21895,"href":"https:\/\/www.camping-leboisverdon.com\/de\/wp-json\/wp\/v2\/hebergement\/2284\/revisions\/21895"}],"wp:attachment":[{"href":"https:\/\/www.camping-leboisverdon.com\/de\/wp-json\/wp\/v2\/media?parent=2284"}],"curies":[{"name":"wp","href":"https:\/\/api.w.org\/{rel}","templated":true}]}}